{"id":29247,"date":"2020-08-24T21:57:52","date_gmt":"2020-08-24T19:57:52","guid":{"rendered":"https:\/\/marbella-sky-homes.com\/?page_id=29247"},"modified":"2021-08-05T14:36:30","modified_gmt":"2021-08-05T12:36:30","slug":"villa-en-las-mesas-de-estepona","status":"publish","type":"page","link":"https:\/\/marbella-sky-homes.com\/es\/villa-en-las-mesas-de-estepona\/","title":{"rendered":"Villa 10 Palms"},"content":{"rendered":"<p>[et_pb_section fb_built=\u00bb1&#8243; custom_padding_last_edited=\u00bbon|tablet\u00bb admin_label=\u00bbHero\u00bb _builder_version=\u00bb4.6.1&#8243; use_background_color_gradient=\u00bbon\u00bb background_color_gradient_start=\u00bbrgba(40,40,40,0.79)\u00bb background_color_gradient_end=\u00bbrgba(40,40,40,0.86)\u00bb background_color_gradient_type=\u00bbradial\u00bb background_color_gradient_direction_radial=\u00bbtop left\u00bb background_color_gradient_overlays_image=\u00bbon\u00bb background_image=\u00bbhttps:\/\/marbella-sky-homes.com\/wp-content\/uploads\/2020\/08\/10palms.jpg\u00bb parallax=\u00bbon\u00bb custom_margin=\u00bb||||false\u00bb custom_padding=\u00bb10vw||10vw||true|false\u00bb custom_padding_tablet=\u00bb0vw||0vw||true|false\u00bb custom_padding_phone=\u00bb0vw||0vw||true|false\u00bb][et_pb_row _builder_version=\u00bb4.4.8&#8243; custom_padding=\u00bb138px|||||\u00bb border_style_all=\u00bbnone\u00bb][et_pb_column type=\u00bb4_4&#8243; _builder_version=\u00bb3.25&#8243; custom_padding=\u00bb|||\u00bb custom_padding__hover=\u00bb|||\u00bb][et_pb_text _builder_version=\u00bb4.6.0&#8243; text_font=\u00bb||||||||\u00bb header_font=\u00bbMuli|600|||||||\u00bb header_text_align=\u00bbcenter\u00bb header_font_size=\u00bb50px\u00bb header_line_height=\u00bb1.1em\u00bb background_layout=\u00bbdark\u00bb max_width=\u00bb100%\u00bb custom_margin=\u00bb||0px|\u00bb custom_padding=\u00bb|||16px\u00bb text_font_size_tablet=\u00bb14px\u00bb text_font_size_last_edited=\u00bboff|desktop\u00bb header_font_size_tablet=\u00bb44px\u00bb header_font_size_phone=\u00bb32px\u00bb header_font_size_last_edited=\u00bbon|phone\u00bb header_text_shadow_style=\u00bbpreset1&#8243; border_color_all=\u00bb#adafb5&#8243; border_style_all=\u00bbnone\u00bb border_width_left=\u00bb10px\u00bb]<\/p>\n<h1>Villa 10 Palms<\/h1>\n<p>[\/et_pb_text][\/et_pb_column][\/et_pb_row][et_pb_row column_structure=\u00bb1_2,1_2&#8243; module_class=\u00bbpopmake-29163&#8243; _builder_version=\u00bb4.5.7&#8243;][et_pb_column type=\u00bb1_2&#8243; _builder_version=\u00bb4.4.8&#8243;][et_pb_button button_text=\u00bbPEDIR CAT\u00c1LOGO\u00bb button_alignment=\u00bbcenter\u00bb module_class=\u00bbpopmake-pedir-catalogo\u00bb _builder_version=\u00bb4.7.3&#8243; custom_button=\u00bbon\u00bb button_text_size=\u00bb16px\u00bb button_text_color=\u00bb#ffffff\u00bb button_bg_color=\u00bbrgba(58,58,58,0.71)\u00bb][\/et_pb_button][\/et_pb_column][et_pb_column type=\u00bb1_2&#8243; _builder_version=\u00bb4.4.8&#8243;][et_pb_button button_text=\u00bbPEDIR CITA\u00bb button_alignment=\u00bbcenter\u00bb module_class=\u00bbpopmake-pedir-cita\u00bb _builder_version=\u00bb4.7.3&#8243; custom_button=\u00bbon\u00bb button_text_size=\u00bb16px\u00bb button_text_color=\u00bb#ffffff\u00bb button_bg_color=\u00bbrgba(58,58,58,0.71)\u00bb][\/et_pb_button][\/et_pb_column][\/et_pb_row][\/et_pb_section][et_pb_section fb_built=\u00bb1&#8243; admin_label=\u00bbProject Details\u00bb _builder_version=\u00bb3.22&#8243; custom_padding=\u00bb29px||29px||true|\u00bb][et_pb_row _builder_version=\u00bb3.25&#8243; background_color=\u00bb#ffffff\u00bb max_width=\u00bb80%\u00bb custom_margin=\u00bb|||\u00bb use_custom_width=\u00bbon\u00bb width_unit=\u00bboff\u00bb][et_pb_column type=\u00bb4_4&#8243; _builder_version=\u00bb3.25&#8243; custom_padding=\u00bb|||\u00bb custom_padding__hover=\u00bb|||\u00bb][et_pb_text _builder_version=\u00bb4.6.0&#8243; text_font=\u00bb||||||||\u00bb header_font=\u00bb||||||||\u00bb header_2_font=\u00bb|600|||||||\u00bb header_2_font_size=\u00bb42px\u00bb header_2_line_height=\u00bb1.2em\u00bb module_alignment=\u00bbcenter\u00bb custom_margin=\u00bb||1px|||\u00bb custom_padding=\u00bb|||\u00bb header_2_font_size_tablet=\u00bb\u00bb header_2_font_size_phone=\u00bb36px\u00bb header_2_font_size_last_edited=\u00bbon|phone\u00bb locked=\u00bboff\u00bb]<\/p>\n<h3 style=\"text-align: center;\"><strong>Precio: 1.290.000 \u20ac<\/strong><\/h3>\n<p>[\/et_pb_text][et_pb_text _builder_version=\u00bb4.6.0&#8243; text_font=\u00bb||||||||\u00bb header_font=\u00bb||||||||\u00bb header_2_font=\u00bb|600|||||||\u00bb header_2_font_size=\u00bb42px\u00bb header_2_line_height=\u00bb1.2em\u00bb module_alignment=\u00bbcenter\u00bb custom_margin=\u00bb||1px|||\u00bb custom_padding=\u00bb|||\u00bb header_2_font_size_tablet=\u00bb\u00bb header_2_font_size_phone=\u00bb36px\u00bb header_2_font_size_last_edited=\u00bbon|phone\u00bb locked=\u00bboff\u00bb]<\/p>\n<h3 style=\"text-align: center;\">Elegante y moderna villa de 5 dormitorios, amueblada y lista para entrar a vivir<\/h3>\n<p>[\/et_pb_text][et_pb_divider color=\u00bb#000000&#8243; divider_position=\u00bbcenter\u00bb divider_weight=\u00bb2px\u00bb _builder_version=\u00bb4.4.8&#8243; max_width=\u00bb100px\u00bb module_alignment=\u00bbcenter\u00bb][\/et_pb_divider][\/et_pb_column][\/et_pb_row][\/et_pb_section][et_pb_section fb_built=\u00bb1&#8243; admin_label=\u00bbRelated Services\u00bb _builder_version=\u00bb3.22&#8243; background_color=\u00bb#f7f7f7&#8243; custom_padding=\u00bb0px||1px|||\u00bb][et_pb_row column_structure=\u00bb1_2,1_2&#8243; use_custom_gutter=\u00bbon\u00bb gutter_width=\u00bb1&#8243; make_equal=\u00bbon\u00bb _builder_version=\u00bb4.6.1&#8243; background_color=\u00bb#ffffff\u00bb width=\u00bb100%\u00bb max_width=\u00bb100%\u00bb custom_margin=\u00bb0px||0px||true|false\u00bb custom_padding=\u00bb0px||0px|0px|true|false\u00bb use_custom_width=\u00bbon\u00bb width_unit=\u00bboff\u00bb][et_pb_column type=\u00bb1_2&#8243; _builder_version=\u00bb4.6.1&#8243; background_image=\u00bbhttps:\/\/marbella-sky-homes.com\/wp-content\/uploads\/2020\/08\/10palms_Marbella_SkyHomes_10.jpg\u00bb custom_padding=\u00bb|||\u00bb custom_padding_tablet=\u00bb130px||130px||true|false\u00bb custom_padding_phone=\u00bb100px||100px||true|false\u00bb custom_padding_last_edited=\u00bbon|tablet\u00bb custom_padding__hover=\u00bb|||\u00bb][\/et_pb_column][et_pb_column type=\u00bb1_2&#8243; _builder_version=\u00bb4.4.8&#8243; custom_padding=\u00bb|5%|20px|5%|false|true\u00bb custom_padding__hover=\u00bb|||\u00bb][et_pb_text _builder_version=\u00bb4.6.0&#8243; text_font=\u00bb||||||||\u00bb header_font=\u00bb||||||||\u00bb header_2_font=\u00bbMuli|600||on|||||\u00bb header_2_font_size=\u00bb30px\u00bb header_2_line_height=\u00bb1.2em\u00bb module_alignment=\u00bbcenter\u00bb custom_margin=\u00bb100px||1px||false|false\u00bb custom_margin_tablet=\u00bb50px||0px||false|false\u00bb custom_margin_phone=\u00bb30px||||false|false\u00bb custom_margin_last_edited=\u00bbon|phone\u00bb custom_padding=\u00bb||||false|false\u00bb header_2_font_size_tablet=\u00bb\u00bb header_2_font_size_phone=\u00bb25px\u00bb header_2_font_size_last_edited=\u00bbon|phone\u00bb locked=\u00bboff\u00bb]<\/p>\n<h2 style=\"text-align: center;\">Villa 10 Palms<\/h2>\n<p>[\/et_pb_text][et_pb_divider color=\u00bb#000000&#8243; divider_position=\u00bbcenter\u00bb divider_weight=\u00bb2px\u00bb _builder_version=\u00bb4.5.3&#8243; max_width=\u00bb100px\u00bb module_alignment=\u00bbcenter\u00bb custom_margin=\u00bb||20px|||\u00bb][\/et_pb_divider][et_pb_text _builder_version=\u00bb4.6.0&#8243; _module_preset=\u00bbdefault\u00bb custom_padding=\u00bb||100px||false|false\u00bb custom_padding_tablet=\u00bb||50px||false|false\u00bb custom_padding_phone=\u00bb||25px||false|false\u00bb custom_padding_last_edited=\u00bbon|tablet\u00bb]<\/p>\n<p style=\"text-align: justify;\">Completamente reformado que incluye cocina y comedor de nueva construcci\u00f3n, nuevas instalaciones el\u00e9ctricas y de suministro de agua, suelos, muebles de ba\u00f1o y cocina, home cinema y piscina totalmente reformada.<\/p>\n<p style=\"text-align: justify;\">Totalmente amueblado listo para entrar a vivir. La finca de lujo est\u00e1 situada a dos minutos del puerto de Estepona y cerca de una amplia gama de servicios como bares, restaurantes, tiendas, colegios privados y un prestigioso campo de golf.<\/p>\n<p style=\"text-align: justify;\">El nuevo Beach Club Playa de Cristo est\u00e1 a 2 minutos, Puerto Ban\u00fas a 15 minutos en coche, la ciudad de Marbella a 20 minutos, a solo 5 minutos a Puro Beach en Laguna Village, Sotogrande Marina a 30 minutos y el aeropuerto de M\u00e1laga a 50 minutos.<\/p>\n<p style=\"text-align: justify;\">El acceso a la A7 y la AP7 tarda solo unos 2 minutos en coche. Esta finca contempor\u00e1nea en venta se encuentra en la zona de Estepona, justo encima del encantador puerto y rodeada de exuberantes colinas verdes.<\/p>\n<p style=\"text-align: justify;\">Ofrece un dise\u00f1o elegante y moderno con impresionantes vistas al mar y est\u00e1 a un corto trayecto en coche de la playa.<\/p>\n<p>[\/et_pb_text][\/et_pb_column][\/et_pb_row][et_pb_row column_structure=\u00bb1_2,1_2&#8243; use_custom_gutter=\u00bbon\u00bb gutter_width=\u00bb1&#8243; make_equal=\u00bbon\u00bb disabled_on=\u00bboff|off|on\u00bb _builder_version=\u00bb4.6.1&#8243; background_color=\u00bb#ffffff\u00bb width=\u00bb100%\u00bb max_width=\u00bb100%\u00bb custom_margin=\u00bb0px||0px||true|false\u00bb custom_padding=\u00bb0px||0px|0px|true|false\u00bb use_custom_width=\u00bbon\u00bb width_unit=\u00bboff\u00bb][et_pb_column type=\u00bb1_2&#8243; _builder_version=\u00bb4.6.1&#8243; background_image=\u00bbhttps:\/\/marbella-sky-homes.com\/wp-content\/uploads\/2020\/08\/10palms_Marbella_SkyHomes_37.jpg\u00bb custom_padding=\u00bb|||\u00bb custom_padding_tablet=\u00bb201px||201px||true|false\u00bb custom_padding_phone=\u00bb122px||122px||true|false\u00bb custom_padding_last_edited=\u00bbon|phone\u00bb custom_padding__hover=\u00bb|||\u00bb][\/et_pb_column][et_pb_column type=\u00bb1_2&#8243; _builder_version=\u00bb4.4.8&#8243; custom_padding=\u00bb|5%|20px|5%|false|true\u00bb custom_padding__hover=\u00bb|||\u00bb][et_pb_text _builder_version=\u00bb4.6.1&#8243; text_font=\u00bb||||||||\u00bb header_font=\u00bb||||||||\u00bb header_2_font=\u00bbMuli|600||on|||||\u00bb header_2_font_size=\u00bb30px\u00bb header_2_line_height=\u00bb1.2em\u00bb module_alignment=\u00bbcenter\u00bb custom_margin=\u00bb100px||1px||false|false\u00bb custom_margin_tablet=\u00bb50px||0px||false|false\u00bb custom_margin_phone=\u00bb25px||||false|false\u00bb custom_margin_last_edited=\u00bbon|phone\u00bb custom_padding=\u00bb||||false|false\u00bb header_2_font_size_tablet=\u00bb\u00bb header_2_font_size_phone=\u00bb25px\u00bb header_2_font_size_last_edited=\u00bbon|phone\u00bb locked=\u00bboff\u00bb]<\/p>\n<h2 style=\"text-align: center;\">Sal\u00f3n &amp; Jard\u00edn<\/h2>\n<p>[\/et_pb_text][et_pb_divider color=\u00bb#000000&#8243; divider_position=\u00bbcenter\u00bb divider_weight=\u00bb2px\u00bb _builder_version=\u00bb4.5.3&#8243; max_width=\u00bb100px\u00bb module_alignment=\u00bbcenter\u00bb custom_margin=\u00bb||20px|||\u00bb][\/et_pb_divider][et_pb_text _builder_version=\u00bb4.6.0&#8243; _module_preset=\u00bbdefault\u00bb custom_padding=\u00bb||100px||false|false\u00bb custom_padding_tablet=\u00bb||50px||false|false\u00bb custom_padding_phone=\u00bb||25px||false|false\u00bb custom_padding_last_edited=\u00bbon|tablet\u00bb]<\/p>\n<p style=\"text-align: justify;\">Esta propiedad excepcional cuenta con 5 dormitorios (con vestidor en la habitaci\u00f3n principal), 3 ba\u00f1os, aseo de cortes\u00eda, cocina totalmente equipada con electrodom\u00e9sticos Siemens, amplio sal\u00f3n con puertas acristaladas de piso a techo que fusionan \u00e1reas interiores y exteriores, terrazas soleadas y piscina.<\/p>\n<p>Tambi\u00e9n viene con una cochera privada, estacionamiento para invitados, videoportero, sistema de alarma, aire acondicionado, persianas en todas las habitaciones, calefacci\u00f3n por suelo radiante, home cinema, gran jard\u00edn con chimenea con naranjos y olivos y una terraza de madera para disfrutar del tiempo libre.[\/et_pb_text][\/et_pb_column][\/et_pb_row][et_pb_row column_structure=\u00bb1_2,1_2&#8243; use_custom_gutter=\u00bbon\u00bb gutter_width=\u00bb1&#8243; make_equal=\u00bbon\u00bb disabled_on=\u00bbon|on|off\u00bb _builder_version=\u00bb4.6.1&#8243; background_color=\u00bb#ffffff\u00bb width=\u00bb100%\u00bb max_width=\u00bb100%\u00bb custom_margin=\u00bb0px||0px||true|false\u00bb custom_padding=\u00bb0px||0px|0px|true|false\u00bb use_custom_width=\u00bbon\u00bb width_unit=\u00bboff\u00bb][et_pb_column type=\u00bb1_2&#8243; _builder_version=\u00bb4.4.8&#8243; background_enable_image=\u00bboff\u00bb custom_padding=\u00bb|5%|20px|5%|false|true\u00bb custom_padding__hover=\u00bb|||\u00bb][et_pb_text _builder_version=\u00bb4.6.1&#8243; text_font=\u00bb||||||||\u00bb header_font=\u00bb||||||||\u00bb header_2_font=\u00bb|600||on|||||\u00bb header_2_font_size=\u00bb30px\u00bb header_2_line_height=\u00bb1.2em\u00bb module_alignment=\u00bbcenter\u00bb custom_margin=\u00bb100px||1px||false|false\u00bb custom_padding=\u00bb||||false|false\u00bb header_2_font_size_tablet=\u00bb\u00bb header_2_font_size_phone=\u00bb36px\u00bb header_2_font_size_last_edited=\u00bbon|phone\u00bb locked=\u00bboff\u00bb]<\/p>\n<h2 style=\"text-align: center;\">Sal\u00f3n &amp; Jard\u00edn<\/h2>\n<p>[\/et_pb_text][et_pb_divider color=\u00bb#000000&#8243; divider_position=\u00bbcenter\u00bb divider_weight=\u00bb2px\u00bb _builder_version=\u00bb4.4.8&#8243; max_width=\u00bb100px\u00bb module_alignment=\u00bbcenter\u00bb custom_margin=\u00bb||20px|||\u00bb][\/et_pb_divider][et_pb_text _builder_version=\u00bb4.6.0&#8243; _module_preset=\u00bbdefault\u00bb custom_padding=\u00bb||100px||false|false\u00bb]<\/p>\n<p style=\"text-align: justify;\">Esta propiedad excepcional cuenta con 5 dormitorios (con vestidor en la habitaci\u00f3n principal), 3 ba\u00f1os, aseo de cortes\u00eda, cocina totalmente equipada con electrodom\u00e9sticos Siemens, amplio sal\u00f3n con puertas acristaladas de piso a techo que fusionan \u00e1reas interiores y exteriores, terrazas soleadas y piscina.<\/p>\n<p>Tambi\u00e9n viene con una cochera privada, estacionamiento para invitados, videoportero, sistema de alarma, aire acondicionado, persianas en todas las habitaciones, calefacci\u00f3n por suelo radiante, home cinema, gran jard\u00edn con chimenea con naranjos y olivos y una terraza de madera para disfrutar del tiempo libre.<\/p>\n<p>[\/et_pb_text][\/et_pb_column][et_pb_column type=\u00bb1_2&#8243; _builder_version=\u00bb4.6.1&#8243; background_image=\u00bbhttps:\/\/marbella-sky-homes.com\/wp-content\/uploads\/2020\/08\/10palms_Marbella_SkyHomes_37.jpg\u00bb custom_padding=\u00bb|5%||5%|false|true\u00bb custom_padding__hover=\u00bb|||\u00bb][\/et_pb_column][\/et_pb_row][et_pb_row column_structure=\u00bb1_2,1_2&#8243; use_custom_gutter=\u00bbon\u00bb gutter_width=\u00bb1&#8243; make_equal=\u00bbon\u00bb _builder_version=\u00bb4.6.1&#8243; background_color=\u00bb#ffffff\u00bb width=\u00bb100%\u00bb max_width=\u00bb100%\u00bb custom_margin=\u00bb0px||0px||true|false\u00bb custom_padding=\u00bb0px||0px|0px|true|false\u00bb use_custom_width=\u00bbon\u00bb width_unit=\u00bboff\u00bb][et_pb_column type=\u00bb1_2&#8243; _builder_version=\u00bb4.6.1&#8243; background_image=\u00bbhttps:\/\/marbella-sky-homes.com\/wp-content\/uploads\/2020\/08\/10palms_Marbella_SkyHomes_59.jpg\u00bb custom_padding=\u00bb|||\u00bb custom_padding_tablet=\u00bb207px||207px||true|false\u00bb custom_padding_phone=\u00bb122px||122px||true|false\u00bb custom_padding_last_edited=\u00bbon|tablet\u00bb custom_padding__hover=\u00bb|||\u00bb][\/et_pb_column][et_pb_column type=\u00bb1_2&#8243; _builder_version=\u00bb4.4.8&#8243; custom_padding=\u00bb|5%|20px|5%|false|true\u00bb custom_padding__hover=\u00bb|||\u00bb][et_pb_text _builder_version=\u00bb4.6.1&#8243; text_font=\u00bb||||||||\u00bb header_font=\u00bb||||||||\u00bb header_2_font=\u00bb|600||on|||||\u00bb header_2_font_size=\u00bb30px\u00bb header_2_line_height=\u00bb1.2em\u00bb module_alignment=\u00bbcenter\u00bb custom_margin=\u00bb50px||1px||false|false\u00bb custom_margin_tablet=\u00bb\u00bb custom_margin_phone=\u00bb25px||1px||false|false\u00bb custom_margin_last_edited=\u00bbon|phone\u00bb custom_padding=\u00bb||||false|false\u00bb header_2_font_size_tablet=\u00bb\u00bb header_2_font_size_phone=\u00bb25px\u00bb header_2_font_size_last_edited=\u00bbon|phone\u00bb locked=\u00bboff\u00bb]<\/p>\n<h2 style=\"text-align: center;\">Detalles del Proyecto<\/h2>\n<p>[\/et_pb_text][et_pb_divider color=\u00bb#000000&#8243; divider_position=\u00bbcenter\u00bb divider_weight=\u00bb2px\u00bb _builder_version=\u00bb4.5.3&#8243; max_width=\u00bb100px\u00bb module_alignment=\u00bbcenter\u00bb custom_margin=\u00bb||20px|||\u00bb][\/et_pb_divider][et_pb_text module_class=\u00bbpa-bullet-list-1&#8243; _builder_version=\u00bb4.6.1&#8243; text_font=\u00bb||||||||\u00bb text_font_size=\u00bb15px\u00bb text_line_height=\u00bb1.8em\u00bb custom_padding=\u00bb|||\u00bb custom_padding_tablet=\u00bb|40px||40px||true\u00bb custom_padding_last_edited=\u00bboff|desktop\u00bb locked=\u00bboff\u00bb]<\/p>\n<ul>\n<li>Parcela (orientaci\u00f3n sur): 2.662 m2<\/li>\n<li>Piscina: puerta exterior<\/li>\n<li>Terraza cubierta: 30m2<\/li>\n<li>Dormitorios: 6<\/li>\n<li>Ba\u00f1os: 4<\/li>\n<li>Superficie total construida *: 350m2<\/li>\n<li>Superficie \u00fatil total *: 320m2<\/li>\n<li>Corto tiempo de conducci\u00f3n a lugares importantes, Marbella, M\u00e1laga, tiendas y restaurantes de playa.<\/li>\n<li>Pisos con calefacci\u00f3n en ba\u00f1os del primer piso y ba\u00f1os y dormitorios del piso Tob.<\/li>\n<li>Sistema de aire acondicionado &#8230; en todos los dormitorios y sala de estar.<\/li>\n<\/ul>\n<p>[\/et_pb_text][\/et_pb_column][\/et_pb_row][et_pb_row _builder_version=\u00bb4.5.7&#8243; _module_preset=\u00bbdefault\u00bb][et_pb_column type=\u00bb4_4&#8243; _builder_version=\u00bb4.5.7&#8243; _module_preset=\u00bbdefault\u00bb][et_pb_text _builder_version=\u00bb4.6.0&#8243; text_font=\u00bb||||||||\u00bb header_font=\u00bb||||||||\u00bb header_2_font=\u00bb|600||on|||||\u00bb header_2_font_size=\u00bb30px\u00bb header_2_line_height=\u00bb1.2em\u00bb module_alignment=\u00bbcenter\u00bb custom_margin=\u00bb50px||1px||false|false\u00bb custom_margin_tablet=\u00bb\u00bb custom_margin_phone=\u00bb25px||0px||false|false\u00bb custom_margin_last_edited=\u00bbon|tablet\u00bb custom_padding=\u00bb||||false|false\u00bb header_2_font_size_tablet=\u00bb\u00bb header_2_font_size_phone=\u00bb25px\u00bb header_2_font_size_last_edited=\u00bbon|phone\u00bb locked=\u00bboff\u00bb]<\/p>\n<h2 style=\"text-align: center;\">Galer\u00eda<\/h2>\n<p>[\/et_pb_text][et_pb_divider color=\u00bb#000000&#8243; divider_position=\u00bbcenter\u00bb divider_weight=\u00bb2px\u00bb _builder_version=\u00bb4.5.3&#8243; max_width=\u00bb100px\u00bb module_alignment=\u00bbcenter\u00bb custom_margin=\u00bb||20px|||\u00bb][\/et_pb_divider][et_pb_gallery gallery_ids=\u00bb30079,30077,30075,30073,30071,30069,30067,30065,30063,30061,30039,30059,30057,30055,30053,30051,30049,30047,30045,30043,30041&#8243; posts_number=\u00bb12&#8243; show_title_and_caption=\u00bboff\u00bb _builder_version=\u00bb4.6.1&#8243; _module_preset=\u00bbdefault\u00bb][\/et_pb_gallery][\/et_pb_column][\/et_pb_row][\/et_pb_section][et_pb_section fb_built=\u00bb1&#8243; admin_label=\u00bbHero\u00bb _builder_version=\u00bb4.4.8&#8243; background_color=\u00bb#dfdfdf\u00bb use_background_color_gradient=\u00bbon\u00bb background_color_gradient_start=\u00bb#80807f\u00bb background_color_gradient_end=\u00bbrgba(40,40,40,0.86)\u00bb background_color_gradient_type=\u00bbradial\u00bb background_color_gradient_direction_radial=\u00bbtop left\u00bb background_color_gradient_overlays_image=\u00bbon\u00bb background_enable_image=\u00bboff\u00bb custom_margin=\u00bb||||false\u00bb custom_padding=\u00bb0vw||0vw||true|false\u00bb saved_tabs=\u00bball\u00bb][et_pb_row _builder_version=\u00bb4.5.7&#8243; _module_preset=\u00bbdefault\u00bb][et_pb_column type=\u00bb4_4&#8243; _builder_version=\u00bb4.5.7&#8243; _module_preset=\u00bbdefault\u00bb][et_pb_signup mailchimp_list=\u00bbMichaelBergmann|c4c79feeec\u00bb layout=\u00bbtop_bottom\u00bb last_name_field=\u00bboff\u00bb title=\u00bbSubscr\u00edbete a nuestras novedades\u00bb button_text=\u00bbSubscribirse\u00bb footer_content=\u00bb<\/p>\n<p>Al enviar este formulario, acepta recibir valiosos correos electr\u00f3nicos de Marbella Sky Homes. Su privacidad es muy importante para nosotros y nunca compartimos informaci\u00f3n con sitios de terceros o empresas afiliadas. Siempre tiene la opci\u00f3n de darse de baja en cualquier momento.<\/p>\n<p>\u00bb use_spam_service=\u00bbon\u00bb recaptcha_list=\u00bbDefault|Default-0&#8243; _builder_version=\u00bb4.9.10&#8243; _module_preset=\u00bbdefault\u00bb header_font=\u00bb|||on|||||\u00bb header_font_size=\u00bb22px\u00bb background_enable_color=\u00bboff\u00bb hover_enabled=\u00bb0&#8243; header_font_size_tablet=\u00bb\u00bb header_font_size_phone=\u00bb18px\u00bb header_font_size_last_edited=\u00bbon|phone\u00bb sticky_enabled=\u00bb0&#8243;][\/et_pb_signup][\/et_pb_column][\/et_pb_row][\/et_pb_section][et_pb_section fb_built=\u00bb1&#8243; admin_label=\u00bbHero\u00bb _builder_version=\u00bb4.5.7&#8243; use_background_color_gradient=\u00bbon\u00bb background_color_gradient_start=\u00bbrgba(40,40,40,0.79)\u00bb background_color_gradient_end=\u00bbrgba(40,40,40,0.86)\u00bb background_color_gradient_type=\u00bbradial\u00bb background_color_gradient_direction_radial=\u00bbtop left\u00bb background_color_gradient_overlays_image=\u00bbon\u00bb background_image=\u00bbhttps:\/\/marbella-sky-homes.com\/wp-content\/uploads\/2020\/07\/VILLAPARAISO_PiscinaVistas_v129.jpg\u00bb custom_margin=\u00bb||||false\u00bb custom_padding=\u00bb0vw||0vw||true|false\u00bb saved_tabs=\u00bball\u00bb][et_pb_row _builder_version=\u00bb3.25&#8243; custom_padding=\u00bb||0px|||\u00bb][et_pb_column type=\u00bb4_4&#8243; _builder_version=\u00bb3.25&#8243; custom_padding=\u00bb|||\u00bb custom_padding__hover=\u00bb|||\u00bb][et_pb_text _builder_version=\u00bb4.6.0&#8243; text_font=\u00bb||||||||\u00bb header_font=\u00bb||||||||\u00bb header_2_font=\u00bb|600||on|||||\u00bb header_2_font_size=\u00bb32px\u00bb header_2_line_height=\u00bb1.2em\u00bb module_alignment=\u00bbcenter\u00bb custom_margin=\u00bb||1px|||\u00bb custom_padding=\u00bb|||\u00bb header_2_font_size_tablet=\u00bb\u00bb header_2_font_size_phone=\u00bb25px\u00bb header_2_font_size_last_edited=\u00bbon|phone\u00bb locked=\u00bboff\u00bb]<\/p>\n<h2 style=\"text-align: center;\"><span style=\"color: #ffffff;\">Cont\u00e1ctenos<\/span><\/h2>\n<p>[\/et_pb_text][\/et_pb_column][\/et_pb_row][et_pb_row column_structure=\u00bb1_2,1_2&#8243; _builder_version=\u00bb4.4.8&#8243; max_width=\u00bb1124px\u00bb][et_pb_column type=\u00bb1_2&#8243; _builder_version=\u00bb4.4.8&#8243;][et_pb_contact_form use_spam_service=\u00bbon\u00bb recaptcha_list=\u00bbDefault|Default-0&#8243; email=\u00bbsales@marbella-sky-homes.com\u00bb custom_message=\u00bbEste email ha sido enviado desde la web de Marbella Sky Homes.||et_pb_line_break_holder||Nombre: %%Name%%||et_pb_line_break_holder||Email: %%Email%%||et_pb_line_break_holder||Mensaje: %%Message%%||et_pb_line_break_holder||Consentimiento:  %%Consent%%\u00bb success_message=\u00bbGRACIAS POR CONTACT\u00c1R , LE RESPONDEREMOS LO ANTES POSIBLE\u00bb submit_button_text=\u00bbENVIAR\u00bb module_id=\u00bbet_pb_contact_form_0&#8243; _builder_version=\u00bb4.6.0&#8243; form_field_background_color=\u00bbrgba(255,255,255,0.6)\u00bb form_field_text_color=\u00bb#000000&#8243; title_font=\u00bb||||||||\u00bb form_field_font=\u00bb||||||||\u00bb form_field_font_size=\u00bb14px\u00bb form_field_line_height=\u00bb1.8em\u00bb custom_button=\u00bbon\u00bb button_text_size=\u00bb14px\u00bb button_text_color=\u00bb#ffffff\u00bb button_border_width=\u00bb2px\u00bb button_border_radius=\u00bb3px\u00bb button_letter_spacing=\u00bb4px\u00bb button_font=\u00bbRosario|700||on|||||\u00bb button_icon=\u00bb%%3%%\u00bb custom_margin=\u00bb30px||30px||true\u00bb custom_margin_last_edited=\u00bboff|desktop\u00bb form_background_color=\u00bb#ffffff\u00bb locked=\u00bboff\u00bb button_text_color_hover=\u00bb#ffb400&#8243; button_bg_color_hover=\u00bb#ffffff\u00bb button_border_color_hover=\u00bb#ffffff\u00bb][et_pb_contact_field field_id=\u00bbName\u00bb field_title=\u00bbNombre\u00bb _builder_version=\u00bb4.6.0&#8243; button_text_size__hover_enabled=\u00bboff\u00bb button_one_text_size__hover_enabled=\u00bboff\u00bb button_two_text_size__hover_enabled=\u00bboff\u00bb button_text_color__hover_enabled=\u00bboff\u00bb button_one_text_color__hover_enabled=\u00bboff\u00bb button_two_text_color__hover_enabled=\u00bboff\u00bb button_border_width__hover_enabled=\u00bboff\u00bb button_one_border_width__hover_enabled=\u00bboff\u00bb button_two_border_width__hover_enabled=\u00bboff\u00bb button_border_color__hover_enabled=\u00bboff\u00bb button_one_border_color__hover_enabled=\u00bboff\u00bb button_two_border_color__hover_enabled=\u00bboff\u00bb button_border_radius__hover_enabled=\u00bboff\u00bb button_one_border_radius__hover_enabled=\u00bboff\u00bb button_two_border_radius__hover_enabled=\u00bboff\u00bb button_letter_spacing__hover_enabled=\u00bboff\u00bb button_one_letter_spacing__hover_enabled=\u00bboff\u00bb button_two_letter_spacing__hover_enabled=\u00bboff\u00bb button_bg_color__hover_enabled=\u00bboff\u00bb button_one_bg_color__hover_enabled=\u00bboff\u00bb button_two_bg_color__hover_enabled=\u00bboff\u00bb][\/et_pb_contact_field][et_pb_contact_field field_id=\u00bbEmail\u00bb field_title=\u00bbEmail \u00bb field_type=\u00bbemail\u00bb _builder_version=\u00bb4.6.0&#8243; button_text_size__hover_enabled=\u00bboff\u00bb button_one_text_size__hover_enabled=\u00bboff\u00bb button_two_text_size__hover_enabled=\u00bboff\u00bb button_text_color__hover_enabled=\u00bboff\u00bb button_one_text_color__hover_enabled=\u00bboff\u00bb button_two_text_color__hover_enabled=\u00bboff\u00bb button_border_width__hover_enabled=\u00bboff\u00bb button_one_border_width__hover_enabled=\u00bboff\u00bb button_two_border_width__hover_enabled=\u00bboff\u00bb button_border_color__hover_enabled=\u00bboff\u00bb button_one_border_color__hover_enabled=\u00bboff\u00bb button_two_border_color__hover_enabled=\u00bboff\u00bb button_border_radius__hover_enabled=\u00bboff\u00bb button_one_border_radius__hover_enabled=\u00bboff\u00bb button_two_border_radius__hover_enabled=\u00bboff\u00bb button_letter_spacing__hover_enabled=\u00bboff\u00bb button_one_letter_spacing__hover_enabled=\u00bboff\u00bb button_two_letter_spacing__hover_enabled=\u00bboff\u00bb button_bg_color__hover_enabled=\u00bboff\u00bb button_one_bg_color__hover_enabled=\u00bboff\u00bb button_two_bg_color__hover_enabled=\u00bboff\u00bb][\/et_pb_contact_field][et_pb_contact_field field_id=\u00bbMessage\u00bb field_title=\u00bbMensaje\u00bb field_type=\u00bbtext\u00bb fullwidth_field=\u00bbon\u00bb _builder_version=\u00bb4.6.0&#8243; button_text_size__hover_enabled=\u00bboff\u00bb button_one_text_size__hover_enabled=\u00bboff\u00bb button_two_text_size__hover_enabled=\u00bboff\u00bb button_text_color__hover_enabled=\u00bboff\u00bb button_one_text_color__hover_enabled=\u00bboff\u00bb button_two_text_color__hover_enabled=\u00bboff\u00bb button_border_width__hover_enabled=\u00bboff\u00bb button_one_border_width__hover_enabled=\u00bboff\u00bb button_two_border_width__hover_enabled=\u00bboff\u00bb button_border_color__hover_enabled=\u00bboff\u00bb button_one_border_color__hover_enabled=\u00bboff\u00bb button_two_border_color__hover_enabled=\u00bboff\u00bb button_border_radius__hover_enabled=\u00bboff\u00bb button_one_border_radius__hover_enabled=\u00bboff\u00bb button_two_border_radius__hover_enabled=\u00bboff\u00bb button_letter_spacing__hover_enabled=\u00bboff\u00bb button_one_letter_spacing__hover_enabled=\u00bboff\u00bb button_two_letter_spacing__hover_enabled=\u00bboff\u00bb button_bg_color__hover_enabled=\u00bboff\u00bb button_one_bg_color__hover_enabled=\u00bboff\u00bb button_two_bg_color__hover_enabled=\u00bboff\u00bb][\/et_pb_contact_field][et_pb_contact_field field_id=\u00bbConsent\u00bb field_title=\u00bbAcepto\u00bb field_type=\u00bbcheckbox\u00bb checkbox_options=\u00bb%91{%22value%22:%22Estoy de acuerdo con la Pol\u00edtica de Privacidad%22,%22checked%22:0,%22dragID%22:-1,%22link_url%22:%22https:\/\/marbella-sky-homes.com\/es\/politica-de-privacidad\/%22,%22link_text%22:%22Leer Pol\u00edtica de Privacidad%22}%93&#8243; fullwidth_field=\u00bbon\u00bb _builder_version=\u00bb4.6.0&#8243; _module_preset=\u00bbdefault\u00bb][\/et_pb_contact_field][\/et_pb_contact_form][\/et_pb_column][et_pb_column type=\u00bb1_2&#8243; _builder_version=\u00bb4.4.8&#8243;][et_pb_social_media_follow _builder_version=\u00bb4.4.8&#8243; text_orientation=\u00bbcenter\u00bb custom_padding=\u00bb10px||10px||true|false\u00bb locked=\u00bboff\u00bb][et_pb_social_media_follow_network social_network=\u00bbfacebook\u00bb _builder_version=\u00bb3.9&#8243; custom_padding=\u00bb|10px||10px||true\u00bb follow_button=\u00bboff\u00bb url_new_window=\u00bbon\u00bb]facebook[\/et_pb_social_media_follow_network][et_pb_social_media_follow_network social_network=\u00bbtwitter\u00bb _builder_version=\u00bb3.9&#8243; custom_padding=\u00bb|10px||10px||true\u00bb follow_button=\u00bboff\u00bb url_new_window=\u00bbon\u00bb]twitter[\/et_pb_social_media_follow_network][et_pb_social_media_follow_network social_network=\u00bblinkedin\u00bb _builder_version=\u00bb3.9&#8243; custom_padding=\u00bb|10px||10px||true\u00bb follow_button=\u00bboff\u00bb url_new_window=\u00bbon\u00bb]linkedin[\/et_pb_social_media_follow_network][\/et_pb_social_media_follow][et_pb_blurb title=\u00bbC\/ Limonero, Benah\u00e1vis-Marbella\u00bb use_icon=\u00bbon\u00bb font_icon=\u00bb%%249%%\u00bb icon_color=\u00bb#ffffff\u00bb icon_placement=\u00bbleft\u00bb content_max_width=\u00bb1100px\u00bb use_icon_font_size=\u00bbon\u00bb icon_font_size=\u00bb18px\u00bb _builder_version=\u00bb4.4.8&#8243; header_font=\u00bbRubik||||||||\u00bb header_font_size=\u00bb16px\u00bb header_line_height=\u00bb1.2em\u00bb body_font=\u00bb||||||||\u00bb background_layout=\u00bbdark\u00bb module_alignment=\u00bbcenter\u00bb custom_margin=\u00bb||20px|\u00bb animation=\u00bboff\u00bb locked=\u00bboff\u00bb][\/et_pb_blurb][et_pb_blurb title=\u00bb+34 628 77 16 44&#8243; use_icon=\u00bbon\u00bb font_icon=\u00bb%%264%%\u00bb icon_color=\u00bb#ffffff\u00bb icon_placement=\u00bbleft\u00bb content_max_width=\u00bb1100px\u00bb use_icon_font_size=\u00bbon\u00bb icon_font_size=\u00bb18px\u00bb _builder_version=\u00bb4.4.8&#8243; header_font=\u00bbRubik||||||||\u00bb header_font_size=\u00bb16px\u00bb header_line_height=\u00bb1.2em\u00bb body_font=\u00bb||||||||\u00bb background_layout=\u00bbdark\u00bb module_alignment=\u00bbcenter\u00bb custom_margin=\u00bb||20px|\u00bb animation=\u00bboff\u00bb locked=\u00bboff\u00bb][\/et_pb_blurb][et_pb_blurb title=\u00bbsales@marbella-sky-homes.com\u00bb use_icon=\u00bbon\u00bb font_icon=\u00bb%%238%%\u00bb icon_color=\u00bb#ffffff\u00bb icon_placement=\u00bbleft\u00bb content_max_width=\u00bb1100px\u00bb use_icon_font_size=\u00bbon\u00bb icon_font_size=\u00bb18px\u00bb _builder_version=\u00bb4.5.7&#8243; header_font=\u00bbRubik||||||||\u00bb header_font_size=\u00bb16px\u00bb header_line_height=\u00bb1.2em\u00bb body_font=\u00bb||||||||\u00bb background_layout=\u00bbdark\u00bb module_alignment=\u00bbcenter\u00bb custom_margin=\u00bb||20px|\u00bb animation=\u00bboff\u00bb locked=\u00bboff\u00bb][\/et_pb_blurb][\/et_pb_column][\/et_pb_row][\/et_pb_section]<\/p>\n","protected":false},"excerpt":{"rendered":"<p>Villa 10 PalmsPrecio: 1.290.000 \u20acElegante y moderna villa de 5 dormitorios, amueblada y lista para entrar a vivirVilla 10 PalmsCompletamente reformado que incluye cocina y comedor de nueva construcci\u00f3n, nuevas instalaciones el\u00e9ctricas y de suministro de agua, suelos, muebles de ba\u00f1o y cocina, home cinema y piscina totalmente reformada. Totalmente amueblado listo para entrar a [&hellip;]<\/p>\n","protected":false},"author":1,"featured_media":0,"parent":0,"menu_order":0,"comment_status":"closed","ping_status":"closed","template":"","meta":{"_et_pb_use_builder":"on","_et_pb_old_content":"","_et_gb_content_width":"","footnotes":""},"class_list":["post-29247","page","type-page","status-publish","hentry"],"yoast_head":"<!-- This site is optimized with the Yoast SEO plugin v26.0 - https:\/\/yoast.com\/wordpress\/plugins\/seo\/ -->\n<title>Villa 10 Palms - Marbella Sky Homes<\/title>\n<meta name=\"robots\" content=\"index, follow, max-snippet:-1, max-image-preview:large, max-video-preview:-1\" \/>\n<link rel=\"canonical\" href=\"https:\/\/marbella-sky-homes.com\/es\/villa-en-las-mesas-de-estepona\/\" \/>\n<meta property=\"og:locale\" content=\"es_ES\" \/>\n<meta property=\"og:type\" content=\"article\" \/>\n<meta property=\"og:title\" content=\"Villa 10 Palms - Marbella Sky Homes\" \/>\n<meta property=\"og:description\" content=\"Villa 10 PalmsPrecio: 1.290.000 \u20acElegante y moderna villa de 5 dormitorios, amueblada y lista para entrar a vivirVilla 10 PalmsCompletamente reformado que incluye cocina y comedor de nueva construcci\u00f3n, nuevas instalaciones el\u00e9ctricas y de suministro de agua, suelos, muebles de ba\u00f1o y cocina, home cinema y piscina totalmente reformada. Totalmente amueblado listo para entrar a [&hellip;]\" \/>\n<meta property=\"og:url\" content=\"https:\/\/marbella-sky-homes.com\/es\/villa-en-las-mesas-de-estepona\/\" \/>\n<meta property=\"og:site_name\" content=\"Marbella Sky Homes\" \/>\n<meta property=\"article:modified_time\" content=\"2021-08-05T12:36:30+00:00\" \/>\n<meta name=\"twitter:card\" content=\"summary_large_image\" \/>\n<meta name=\"twitter:label1\" content=\"Tiempo de lectura\" \/>\n\t<meta name=\"twitter:data1\" content=\"17 minutos\" \/>\n<script type=\"application\/ld+json\" class=\"yoast-schema-graph\">{\"@context\":\"https:\/\/schema.org\",\"@graph\":[{\"@type\":\"WebPage\",\"@id\":\"https:\/\/marbella-sky-homes.com\/es\/villa-en-las-mesas-de-estepona\/\",\"url\":\"https:\/\/marbella-sky-homes.com\/es\/villa-en-las-mesas-de-estepona\/\",\"name\":\"Villa 10 Palms - Marbella Sky Homes\",\"isPartOf\":{\"@id\":\"https:\/\/marbella-sky-homes.com\/es\/#website\"},\"datePublished\":\"2020-08-24T19:57:52+00:00\",\"dateModified\":\"2021-08-05T12:36:30+00:00\",\"breadcrumb\":{\"@id\":\"https:\/\/marbella-sky-homes.com\/es\/villa-en-las-mesas-de-estepona\/#breadcrumb\"},\"inLanguage\":\"es\",\"potentialAction\":[{\"@type\":\"ReadAction\",\"target\":[\"https:\/\/marbella-sky-homes.com\/es\/villa-en-las-mesas-de-estepona\/\"]}]},{\"@type\":\"BreadcrumbList\",\"@id\":\"https:\/\/marbella-sky-homes.com\/es\/villa-en-las-mesas-de-estepona\/#breadcrumb\",\"itemListElement\":[{\"@type\":\"ListItem\",\"position\":1,\"name\":\"Portada\",\"item\":\"https:\/\/marbella-sky-homes.com\/es\/\"},{\"@type\":\"ListItem\",\"position\":2,\"name\":\"Villa 10 Palms\"}]},{\"@type\":\"WebSite\",\"@id\":\"https:\/\/marbella-sky-homes.com\/es\/#website\",\"url\":\"https:\/\/marbella-sky-homes.com\/es\/\",\"name\":\"Marbella Sky Homes\",\"description\":\"Marbella Sky Homes | Finest exclusive Properties\",\"potentialAction\":[{\"@type\":\"SearchAction\",\"target\":{\"@type\":\"EntryPoint\",\"urlTemplate\":\"https:\/\/marbella-sky-homes.com\/es\/?s={search_term_string}\"},\"query-input\":{\"@type\":\"PropertyValueSpecification\",\"valueRequired\":true,\"valueName\":\"search_term_string\"}}],\"inLanguage\":\"es\"}]}<\/script>\n<!-- \/ Yoast SEO plugin. -->","yoast_head_json":{"title":"Villa 10 Palms - Marbella Sky Homes","robots":{"index":"index","follow":"follow","max-snippet":"max-snippet:-1","max-image-preview":"max-image-preview:large","max-video-preview":"max-video-preview:-1"},"canonical":"https:\/\/marbella-sky-homes.com\/es\/villa-en-las-mesas-de-estepona\/","og_locale":"es_ES","og_type":"article","og_title":"Villa 10 Palms - Marbella Sky Homes","og_description":"Villa 10 PalmsPrecio: 1.290.000 \u20acElegante y moderna villa de 5 dormitorios, amueblada y lista para entrar a vivirVilla 10 PalmsCompletamente reformado que incluye cocina y comedor de nueva construcci\u00f3n, nuevas instalaciones el\u00e9ctricas y de suministro de agua, suelos, muebles de ba\u00f1o y cocina, home cinema y piscina totalmente reformada. Totalmente amueblado listo para entrar a [&hellip;]","og_url":"https:\/\/marbella-sky-homes.com\/es\/villa-en-las-mesas-de-estepona\/","og_site_name":"Marbella Sky Homes","article_modified_time":"2021-08-05T12:36:30+00:00","twitter_card":"summary_large_image","twitter_misc":{"Tiempo de lectura":"17 minutos"},"schema":{"@context":"https:\/\/schema.org","@graph":[{"@type":"WebPage","@id":"https:\/\/marbella-sky-homes.com\/es\/villa-en-las-mesas-de-estepona\/","url":"https:\/\/marbella-sky-homes.com\/es\/villa-en-las-mesas-de-estepona\/","name":"Villa 10 Palms - Marbella Sky Homes","isPartOf":{"@id":"https:\/\/marbella-sky-homes.com\/es\/#website"},"datePublished":"2020-08-24T19:57:52+00:00","dateModified":"2021-08-05T12:36:30+00:00","breadcrumb":{"@id":"https:\/\/marbella-sky-homes.com\/es\/villa-en-las-mesas-de-estepona\/#breadcrumb"},"inLanguage":"es","potentialAction":[{"@type":"ReadAction","target":["https:\/\/marbella-sky-homes.com\/es\/villa-en-las-mesas-de-estepona\/"]}]},{"@type":"BreadcrumbList","@id":"https:\/\/marbella-sky-homes.com\/es\/villa-en-las-mesas-de-estepona\/#breadcrumb","itemListElement":[{"@type":"ListItem","position":1,"name":"Portada","item":"https:\/\/marbella-sky-homes.com\/es\/"},{"@type":"ListItem","position":2,"name":"Villa 10 Palms"}]},{"@type":"WebSite","@id":"https:\/\/marbella-sky-homes.com\/es\/#website","url":"https:\/\/marbella-sky-homes.com\/es\/","name":"Marbella Sky Homes","description":"Marbella Sky Homes | Finest exclusive Properties","potentialAction":[{"@type":"SearchAction","target":{"@type":"EntryPoint","urlTemplate":"https:\/\/marbella-sky-homes.com\/es\/?s={search_term_string}"},"query-input":{"@type":"PropertyValueSpecification","valueRequired":true,"valueName":"search_term_string"}}],"inLanguage":"es"}]}},"_links":{"self":[{"href":"https:\/\/marbella-sky-homes.com\/es\/wp-json\/wp\/v2\/pages\/29247","targetHints":{"allow":["GET"]}}],"collection":[{"href":"https:\/\/marbella-sky-homes.com\/es\/wp-json\/wp\/v2\/pages"}],"about":[{"href":"https:\/\/marbella-sky-homes.com\/es\/wp-json\/wp\/v2\/types\/page"}],"author":[{"embeddable":true,"href":"https:\/\/marbella-sky-homes.com\/es\/wp-json\/wp\/v2\/users\/1"}],"replies":[{"embeddable":true,"href":"https:\/\/marbella-sky-homes.com\/es\/wp-json\/wp\/v2\/comments?post=29247"}],"version-history":[{"count":18,"href":"https:\/\/marbella-sky-homes.com\/es\/wp-json\/wp\/v2\/pages\/29247\/revisions"}],"predecessor-version":[{"id":30584,"href":"https:\/\/marbella-sky-homes.com\/es\/wp-json\/wp\/v2\/pages\/29247\/revisions\/30584"}],"wp:attachment":[{"href":"https:\/\/marbella-sky-homes.com\/es\/wp-json\/wp\/v2\/media?parent=29247"}],"curies":[{"name":"wp","href":"https:\/\/api.w.org\/{rel}","templated":true}]}}